{"id":33,"date":"2023-11-15T03:16:53","date_gmt":"2023-11-15T02:16:53","guid":{"rendered":"https:\/\/mediatica.fm\/?page_id=33"},"modified":"2026-03-23T21:36:56","modified_gmt":"2026-03-24T03:36:56","slug":"home","status":"publish","type":"page","link":"https:\/\/mediatica.fm\/","title":{"rendered":"Medi\u00e1tica FM &#8211; Radio alternativa desde la Ciudad de M\u00e9xico"},"content":{"rendered":"\t\t<div data-elementor-type=\"wp-page\" data-elementor-id=\"33\" class=\"elementor elementor-33\">\n\t\t\t\t<div class=\"elementor-element elementor-element-b8dc517 e-flex e-con-boxed e-con e-parent\" data-id=\"b8dc517\" data-element_type=\"container\" data-e-type=\"container\">\n\t\t\t\t\t<div class=\"e-con-inner\">\n\t\t\t\t<div class=\"elementor-element elementor-element-c5c1838 elementor-widget elementor-widget-onair-elementor-artwork\" data-id=\"c5c1838\" data-element_type=\"widget\" data-e-type=\"widget\" data-widget_type=\"onair-elementor-artwork.default\">\n\t\t\t\t<div class=\"elementor-widget-container\">\n\t\t\t\t\t\t\t<div class=\"onair-elementor onair-hidden onair-elementor--artwork onair-artwork\">\n\t\t\t<a class=\"onair-inline onair-elementor--artwork__img \" href=\"#\">\n\t\t\t\n\t\t\t<\/a>\n\t\t<\/div>\n\t\t\t\t\t\t<\/div>\n\t\t\t\t<\/div>\n\t\t\t\t\t<\/div>\n\t\t\t\t<\/div>\n\t\t<div class=\"elementor-element elementor-element-54ab8d0 e-flex e-con-boxed e-con e-parent\" data-id=\"54ab8d0\" data-element_type=\"container\" data-e-type=\"container\">\n\t\t\t\t\t<div class=\"e-con-inner\">\n\t\t\t\t<div class=\"elementor-element elementor-element-f9f544d elementor-widget elementor-widget-onair-elementor-qt-caption\" data-id=\"f9f544d\" data-element_type=\"widget\" data-e-type=\"widget\" data-widget_type=\"onair-elementor-qt-caption.default\">\n\t\t\t\t<div class=\"elementor-widget-container\">\n\t\t\t\t\t\t\t\t<h3 class=\"onair-caption qt-caption-med qt-capfont \"><span>NOW PLAYING<\/span><\/h3>\n\t\t\t\t\t\t\t<\/div>\n\t\t\t\t<\/div>\n\t\t\t\t\t<\/div>\n\t\t\t\t<\/div>\n\t\t<div class=\"elementor-element elementor-element-10e5d64 e-flex e-con-boxed e-con e-parent\" data-id=\"10e5d64\" data-element_type=\"container\" data-e-type=\"container\">\n\t\t\t\t\t<div class=\"e-con-inner\">\n\t\t<div class=\"elementor-element elementor-element-274a83b e-con-full e-flex e-con e-child\" data-id=\"274a83b\" data-element_type=\"container\" data-e-type=\"container\">\n\t\t\t\t<div class=\"elementor-element elementor-element-07df49e elementor-widget elementor-widget-onair-elementor-radiofeed\" data-id=\"07df49e\" data-element_type=\"widget\" data-e-type=\"widget\" data-widget_type=\"onair-elementor-radiofeed.default\">\n\t\t\t\t<div class=\"elementor-widget-container\">\n\t\t\t\t\t\t\t\t<h1 class=\"onair-now_on_air_text onair-feed   qt-center aligncenter\">\n\t\t\t <span class=\"qtFeedPlayerTrack\">Loading title<\/span> <br> <span class=\"qtFeedPlayerAuthor \">Loading artist<\/span>\n\t\t\t<\/h1>\t\t\t\t\t\t<\/div>\n\t\t\t\t<\/div>\n\t\t\t\t<\/div>\n\t\t\t\t\t<\/div>\n\t\t\t\t<\/div>\n\t\t<div class=\"elementor-element elementor-element-c237cd3 e-grid e-con-boxed e-con e-parent\" data-id=\"c237cd3\" data-element_type=\"container\" data-e-type=\"container\">\n\t\t\t\t\t<div class=\"e-con-inner\">\n\t\t\t\t<div class=\"elementor-element elementor-element-1d16334 elementor-widget elementor-widget-onair-elementor-qt-caption\" data-id=\"1d16334\" data-element_type=\"widget\" data-e-type=\"widget\" data-widget_type=\"onair-elementor-qt-caption.default\">\n\t\t\t\t<div class=\"elementor-widget-container\">\n\t\t\t\t\t\t\t\t<h3 class=\"onair-caption qt-caption-med qt-capfont \"><span>ART\u00cdCULOS<\/span><\/h3>\n\t\t\t\t\t\t\t<\/div>\n\t\t\t\t<\/div>\n\t\t\t\t<div class=\"elementor-element elementor-element-438b4a3 elementor-widget elementor-widget-onair-elementor-qt-caption\" data-id=\"438b4a3\" data-element_type=\"widget\" data-e-type=\"widget\" data-widget_type=\"onair-elementor-qt-caption.default\">\n\t\t\t\t<div class=\"elementor-widget-container\">\n\t\t\t\t\t\t\t\t<h3 class=\"onair-caption qt-caption-med qt-capfont \"><span>NOTICIAS<\/span><\/h3>\n\t\t\t\t\t\t\t<\/div>\n\t\t\t\t<\/div>\n\t\t\t\t<div class=\"elementor-element elementor-element-789c8e9 elementor-widget elementor-widget-onair-elementor-post-list\" data-id=\"789c8e9\" data-element_type=\"widget\" data-e-type=\"widget\" data-widget_type=\"onair-elementor-post-list.default\">\n\t\t\t\t<div class=\"elementor-widget-container\">\n\t\t\t\t\t\t\t<div class=\"qt-postlist-container\">\n\t\t\t\t\t\t\t<div class=\"qt-postlist-item\">\n\t\t\t\t\t<!-- POST SMALL TEXT ITEM ========================= -->\n<div class=\"qt-part-archive-item qt-part-archive-item-post-list\">\n\t<div class=\"row\">\n\t\t<div class=\"col s3 m3 l3\">\n\t\t\t\t\t\t<a href=\"https:\/\/mediatica.fm\/index.php\/2024\/12\/26\/589\/\" class=\"qt-part-archive-item__thumb-squared\">\n\t\t\t<img decoding=\"async\" width=\"150\" height=\"150\" src=\"https:\/\/mediatica.fm\/wp-content\/uploads\/2024\/12\/santa-entrevista-150x150.png\" class=\"attachment-thumbnail size-thumbnail wp-post-image\" alt=\"\" srcset=\"https:\/\/mediatica.fm\/wp-content\/uploads\/2024\/12\/santa-entrevista-150x150.png 150w, https:\/\/mediatica.fm\/wp-content\/uploads\/2024\/12\/santa-entrevista-144x144.png 144w, https:\/\/mediatica.fm\/wp-content\/uploads\/2024\/12\/santa-entrevista-170x170.png 170w\" sizes=\"(max-width: 150px) 100vw, 150px\" \/>\t\t\t<\/a>\n\t\t\t\n\t\t<\/div>\n\t\t<div class=\"col s9 m9 l9 \">\n\t\t\t\n\t\t\t<div class=\"qt-feedback\">\n\t\t\t1<i class=\"dripicons-heart\"><\/i>    \t\t<\/div>\n\t\t\t<h4 class=\"qt-title\">\n\t\t\t\t<a href=\"https:\/\/mediatica.fm\/index.php\/2024\/12\/26\/589\/\" class=\"qt-ellipsis-2 qt-t\">\n\t\t\t\t\tLos mejores cortometrajes navide\u00f1os que no sab\u00edas que exist\u00edan\t\t\t\t<\/a>\n\t\t\t<\/h4>\n\n\t\t\t\n\t\t<\/div>\n\t<\/div>\n<\/div>\n<!-- POST SMALL TEXT ITEM END ========================= -->\n\t\t\t\t<\/div>\n\t\t\t\t\t\t\t\t<div class=\"qt-postlist-item\">\n\t\t\t\t\t<!-- POST SMALL TEXT ITEM ========================= -->\n<div class=\"qt-part-archive-item qt-part-archive-item-post-list\">\n\t<div class=\"row\">\n\t\t<div class=\"col s3 m3 l3\">\n\t\t\t\t\t\t<a href=\"https:\/\/mediatica.fm\/index.php\/2024\/12\/07\/casos-mediaticos-de-estafadores\/\" class=\"qt-part-archive-item__thumb-squared\">\n\t\t\t<img decoding=\"async\" width=\"150\" height=\"150\" src=\"https:\/\/mediatica.fm\/wp-content\/uploads\/2024\/12\/estafador01-transformed-150x150.png\" class=\"attachment-thumbnail size-thumbnail wp-post-image\" alt=\"\" srcset=\"https:\/\/mediatica.fm\/wp-content\/uploads\/2024\/12\/estafador01-transformed-150x150.png 150w, https:\/\/mediatica.fm\/wp-content\/uploads\/2024\/12\/estafador01-transformed-144x144.png 144w, https:\/\/mediatica.fm\/wp-content\/uploads\/2024\/12\/estafador01-transformed-690x690.png 690w, https:\/\/mediatica.fm\/wp-content\/uploads\/2024\/12\/estafador01-transformed-170x170.png 170w\" sizes=\"(max-width: 150px) 100vw, 150px\" \/>\t\t\t<\/a>\n\t\t\t\n\t\t<\/div>\n\t\t<div class=\"col s9 m9 l9 \">\n\t\t\t\n\t\t\t<div class=\"qt-feedback\">\n\t\t\t0<i class=\"dripicons-heart\"><\/i>    \t\t<\/div>\n\t\t\t<h4 class=\"qt-title\">\n\t\t\t\t<a href=\"https:\/\/mediatica.fm\/index.php\/2024\/12\/07\/casos-mediaticos-de-estafadores\/\" class=\"qt-ellipsis-2 qt-t\">\n\t\t\t\t\tDe Marilyn Cote a Anna Sorokin: Casos Medi\u00e1ticos de Estafadores que No Creer\u00e1s que son Reales\t\t\t\t<\/a>\n\t\t\t<\/h4>\n\n\t\t\t\n\t\t<\/div>\n\t<\/div>\n<\/div>\n<!-- POST SMALL TEXT ITEM END ========================= -->\n\t\t\t\t<\/div>\n\t\t\t\t\t\t\t\t<div class=\"qt-postlist-item\">\n\t\t\t\t\t<!-- POST SMALL TEXT ITEM ========================= -->\n<div class=\"qt-part-archive-item qt-part-archive-item-post-list\">\n\t<div class=\"row\">\n\t\t<div class=\"col s3 m3 l3\">\n\t\t\t\t\t\t<a href=\"https:\/\/mediatica.fm\/index.php\/2024\/11\/28\/abuso_de_sustancias\/\" class=\"qt-part-archive-item__thumb-squared\">\n\t\t\t<img decoding=\"async\" width=\"150\" height=\"150\" src=\"https:\/\/mediatica.fm\/wp-content\/uploads\/2024\/11\/sustancias_2-150x150.webp\" class=\"attachment-thumbnail size-thumbnail wp-post-image\" alt=\"\" srcset=\"https:\/\/mediatica.fm\/wp-content\/uploads\/2024\/11\/sustancias_2-150x150.webp 150w, https:\/\/mediatica.fm\/wp-content\/uploads\/2024\/11\/sustancias_2-144x144.webp 144w, https:\/\/mediatica.fm\/wp-content\/uploads\/2024\/11\/sustancias_2-690x690.webp 690w, https:\/\/mediatica.fm\/wp-content\/uploads\/2024\/11\/sustancias_2-170x170.webp 170w\" sizes=\"(max-width: 150px) 100vw, 150px\" \/>\t\t\t<\/a>\n\t\t\t\n\t\t<\/div>\n\t\t<div class=\"col s9 m9 l9 \">\n\t\t\t\n\t\t\t<div class=\"qt-feedback\">\n\t\t\t0<i class=\"dripicons-heart\"><\/i>    \t\t<\/div>\n\t\t\t<h4 class=\"qt-title\">\n\t\t\t\t<a href=\"https:\/\/mediatica.fm\/index.php\/2024\/11\/28\/abuso_de_sustancias\/\" class=\"qt-ellipsis-2 qt-t\">\n\t\t\t\t\tEl Abuso de Sustancias en Series y Pel\u00edculas: M\u00e1s All\u00e1 del Entretenimiento\t\t\t\t<\/a>\n\t\t\t<\/h4>\n\n\t\t\t\n\t\t<\/div>\n\t<\/div>\n<\/div>\n<!-- POST SMALL TEXT ITEM END ========================= -->\n\t\t\t\t<\/div>\n\t\t\t\t\t\t\t\t<div class=\"qt-postlist-item\">\n\t\t\t\t\t<!-- POST SMALL TEXT ITEM ========================= -->\n<div class=\"qt-part-archive-item qt-part-archive-item-post-list\">\n\t<div class=\"row\">\n\t\t<div class=\"col s3 m3 l3\">\n\t\t\t\t\t\t<a href=\"https:\/\/mediatica.fm\/index.php\/2024\/11\/15\/la-inteligencia-artificial-que-te-hara-cuestionar-el-futuro\/\" class=\"qt-part-archive-item__thumb-squared\">\n\t\t\t<img loading=\"lazy\" decoding=\"async\" width=\"150\" height=\"150\" src=\"https:\/\/mediatica.fm\/wp-content\/uploads\/2024\/11\/ia-cabeza-150x150.jpg\" class=\"attachment-thumbnail size-thumbnail wp-post-image\" alt=\"\" srcset=\"https:\/\/mediatica.fm\/wp-content\/uploads\/2024\/11\/ia-cabeza-150x150.jpg 150w, https:\/\/mediatica.fm\/wp-content\/uploads\/2024\/11\/ia-cabeza-300x300.jpg 300w, https:\/\/mediatica.fm\/wp-content\/uploads\/2024\/11\/ia-cabeza-768x768.jpg 768w, https:\/\/mediatica.fm\/wp-content\/uploads\/2024\/11\/ia-cabeza-144x144.jpg 144w, https:\/\/mediatica.fm\/wp-content\/uploads\/2024\/11\/ia-cabeza-690x690.jpg 690w, https:\/\/mediatica.fm\/wp-content\/uploads\/2024\/11\/ia-cabeza-170x170.jpg 170w, https:\/\/mediatica.fm\/wp-content\/uploads\/2024\/11\/ia-cabeza.jpg 1024w\" sizes=\"(max-width: 150px) 100vw, 150px\" \/>\t\t\t<\/a>\n\t\t\t\n\t\t<\/div>\n\t\t<div class=\"col s9 m9 l9 \">\n\t\t\t\n\t\t\t<div class=\"qt-feedback\">\n\t\t\t0<i class=\"dripicons-heart\"><\/i>    \t\t<\/div>\n\t\t\t<h4 class=\"qt-title\">\n\t\t\t\t<a href=\"https:\/\/mediatica.fm\/index.php\/2024\/11\/15\/la-inteligencia-artificial-que-te-hara-cuestionar-el-futuro\/\" class=\"qt-ellipsis-2 qt-t\">\n\t\t\t\t\tLa Inteligencia Artificial que te har\u00e1 Cuestionar el Futuro\t\t\t\t<\/a>\n\t\t\t<\/h4>\n\n\t\t\t\n\t\t<\/div>\n\t<\/div>\n<\/div>\n<!-- POST SMALL TEXT ITEM END ========================= -->\n\t\t\t\t<\/div>\n\t\t\t\t\t\t\t\t<div class=\"qt-postlist-item\">\n\t\t\t\t\t<!-- POST SMALL TEXT ITEM ========================= -->\n<div class=\"qt-part-archive-item qt-part-archive-item-post-list\">\n\t<div class=\"row\">\n\t\t<div class=\"col s3 m3 l3\">\n\t\t\t\t\t\t<a href=\"https:\/\/mediatica.fm\/index.php\/2024\/11\/08\/explora-la-fluidez-de-genero\/\" class=\"qt-part-archive-item__thumb-squared\">\n\t\t\t<img loading=\"lazy\" decoding=\"async\" width=\"150\" height=\"150\" src=\"https:\/\/mediatica.fm\/wp-content\/uploads\/2024\/11\/flgtbq_ok2-150x150.jpg\" class=\"attachment-thumbnail size-thumbnail wp-post-image\" alt=\"\" srcset=\"https:\/\/mediatica.fm\/wp-content\/uploads\/2024\/11\/flgtbq_ok2-150x150.jpg 150w, https:\/\/mediatica.fm\/wp-content\/uploads\/2024\/11\/flgtbq_ok2-144x144.jpg 144w, https:\/\/mediatica.fm\/wp-content\/uploads\/2024\/11\/flgtbq_ok2-690x690.jpg 690w, https:\/\/mediatica.fm\/wp-content\/uploads\/2024\/11\/flgtbq_ok2-170x170.jpg 170w\" sizes=\"(max-width: 150px) 100vw, 150px\" \/>\t\t\t<\/a>\n\t\t\t\n\t\t<\/div>\n\t\t<div class=\"col s9 m9 l9 \">\n\t\t\t\n\t\t\t<div class=\"qt-feedback\">\n\t\t\t0<i class=\"dripicons-heart\"><\/i>    \t\t<\/div>\n\t\t\t<h4 class=\"qt-title\">\n\t\t\t\t<a href=\"https:\/\/mediatica.fm\/index.php\/2024\/11\/08\/explora-la-fluidez-de-genero\/\" class=\"qt-ellipsis-2 qt-t\">\n\t\t\t\t\tExplora la Fluidez de G\u00e9nero\t\t\t\t<\/a>\n\t\t\t<\/h4>\n\n\t\t\t\n\t\t<\/div>\n\t<\/div>\n<\/div>\n<!-- POST SMALL TEXT ITEM END ========================= -->\n\t\t\t\t<\/div>\n\t\t\t\t\t\t<\/div>\n\t\t\t\t\t\t<\/div>\n\t\t\t\t<\/div>\n\t\t\t\t<div class=\"elementor-element elementor-element-963f650 elementor-widget elementor-widget-onair-elementor-post-list\" data-id=\"963f650\" data-element_type=\"widget\" data-e-type=\"widget\" data-widget_type=\"onair-elementor-post-list.default\">\n\t\t\t\t<div class=\"elementor-widget-container\">\n\t\t\t\t\t\t\t<div class=\"qt-postlist-container\">\n\t\t\t\t\t\t\t<div class=\"qt-postlist-item\">\n\t\t\t\t\t<!-- POST SMALL TEXT ITEM ========================= -->\n<div class=\"qt-part-archive-item qt-part-archive-item-post-list\">\n\t<div class=\"row\">\n\t\t<div class=\"col s3 m3 l3\">\n\t\t\t\t\t\t<a href=\"https:\/\/mediatica.fm\/index.php\/2024\/10\/16\/alex-van_halen_ia\/\" class=\"qt-part-archive-item__thumb-squared\">\n\t\t\t<img loading=\"lazy\" decoding=\"async\" width=\"150\" height=\"150\" src=\"https:\/\/mediatica.fm\/wp-content\/uploads\/2024\/10\/van-halen-ai-150x150.jpg\" class=\"attachment-thumbnail size-thumbnail wp-post-image\" alt=\"\" srcset=\"https:\/\/mediatica.fm\/wp-content\/uploads\/2024\/10\/van-halen-ai-150x150.jpg 150w, https:\/\/mediatica.fm\/wp-content\/uploads\/2024\/10\/van-halen-ai-144x144.jpg 144w, https:\/\/mediatica.fm\/wp-content\/uploads\/2024\/10\/van-halen-ai-170x170.jpg 170w\" sizes=\"(max-width: 150px) 100vw, 150px\" \/>\t\t\t<\/a>\n\t\t\t\n\t\t<\/div>\n\t\t<div class=\"col s9 m9 l9 \">\n\t\t\t\n\t\t\t<div class=\"qt-feedback\">\n\t\t\t1<i class=\"dripicons-heart\"><\/i>    \t\t<\/div>\n\t\t\t<h4 class=\"qt-title\">\n\t\t\t\t<a href=\"https:\/\/mediatica.fm\/index.php\/2024\/10\/16\/alex-van_halen_ia\/\" class=\"qt-ellipsis-2 qt-t\">\n\t\t\t\t\tVan Halen usar\u00e1 IA para crear solos de guitarra\t\t\t\t<\/a>\n\t\t\t<\/h4>\n\n\t\t\t\n\t\t<\/div>\n\t<\/div>\n<\/div>\n<!-- POST SMALL TEXT ITEM END ========================= -->\n\t\t\t\t<\/div>\n\t\t\t\t\t\t\t\t<div class=\"qt-postlist-item\">\n\t\t\t\t\t<!-- POST SMALL TEXT ITEM ========================= -->\n<div class=\"qt-part-archive-item qt-part-archive-item-post-list\">\n\t<div class=\"row\">\n\t\t<div class=\"col s3 m3 l3\">\n\t\t\t\t\t\t<a href=\"https:\/\/mediatica.fm\/index.php\/2024\/09\/06\/linkin-park-renace-con-nueva-vocalista\/\" class=\"qt-part-archive-item__thumb-squared\">\n\t\t\t<img loading=\"lazy\" decoding=\"async\" width=\"150\" height=\"150\" src=\"https:\/\/mediatica.fm\/wp-content\/uploads\/2024\/09\/linkin_park_emily-armstrong-150x150.jpg\" class=\"attachment-thumbnail size-thumbnail wp-post-image\" alt=\"\" srcset=\"https:\/\/mediatica.fm\/wp-content\/uploads\/2024\/09\/linkin_park_emily-armstrong-150x150.jpg 150w, https:\/\/mediatica.fm\/wp-content\/uploads\/2024\/09\/linkin_park_emily-armstrong-170x170.jpg 170w\" sizes=\"(max-width: 150px) 100vw, 150px\" \/>\t\t\t<\/a>\n\t\t\t\n\t\t<\/div>\n\t\t<div class=\"col s9 m9 l9 \">\n\t\t\t\n\t\t\t<div class=\"qt-feedback\">\n\t\t\t0<i class=\"dripicons-heart\"><\/i>    \t\t<\/div>\n\t\t\t<h4 class=\"qt-title\">\n\t\t\t\t<a href=\"https:\/\/mediatica.fm\/index.php\/2024\/09\/06\/linkin-park-renace-con-nueva-vocalista\/\" class=\"qt-ellipsis-2 qt-t\">\n\t\t\t\t\tLinkin Park renace con nueva vocalista\t\t\t\t<\/a>\n\t\t\t<\/h4>\n\n\t\t\t\n\t\t<\/div>\n\t<\/div>\n<\/div>\n<!-- POST SMALL TEXT ITEM END ========================= -->\n\t\t\t\t<\/div>\n\t\t\t\t\t\t\t\t<div class=\"qt-postlist-item\">\n\t\t\t\t\t<!-- POST SMALL TEXT ITEM ========================= -->\n<div class=\"qt-part-archive-item qt-part-archive-item-post-list\">\n\t<div class=\"row\">\n\t\t<div class=\"col s3 m3 l3\">\n\t\t\t\t\t\t<a href=\"https:\/\/mediatica.fm\/index.php\/2024\/07\/26\/gojira-hizo-historia-en-la-apertura-de-los-juegos-olimpicos-de-paris-2024\/\" class=\"qt-part-archive-item__thumb-squared\">\n\t\t\t<img loading=\"lazy\" decoding=\"async\" width=\"150\" height=\"150\" src=\"https:\/\/mediatica.fm\/wp-content\/uploads\/2024\/07\/gojira-150x150.jpg\" class=\"attachment-thumbnail size-thumbnail wp-post-image\" alt=\"\" srcset=\"https:\/\/mediatica.fm\/wp-content\/uploads\/2024\/07\/gojira-150x150.jpg 150w, https:\/\/mediatica.fm\/wp-content\/uploads\/2024\/07\/gojira-690x690.jpg 690w, https:\/\/mediatica.fm\/wp-content\/uploads\/2024\/07\/gojira-170x170.jpg 170w\" sizes=\"(max-width: 150px) 100vw, 150px\" \/>\t\t\t<\/a>\n\t\t\t\n\t\t<\/div>\n\t\t<div class=\"col s9 m9 l9 \">\n\t\t\t\n\t\t\t<div class=\"qt-feedback\">\n\t\t\t0<i class=\"dripicons-heart\"><\/i>    \t\t<\/div>\n\t\t\t<h4 class=\"qt-title\">\n\t\t\t\t<a href=\"https:\/\/mediatica.fm\/index.php\/2024\/07\/26\/gojira-hizo-historia-en-la-apertura-de-los-juegos-olimpicos-de-paris-2024\/\" class=\"qt-ellipsis-2 qt-t\">\n\t\t\t\t\tGojira, hizo historia en la apertura de los juegos ol\u00edmpicos de Par\u00eds 2024\t\t\t\t<\/a>\n\t\t\t<\/h4>\n\n\t\t\t\n\t\t<\/div>\n\t<\/div>\n<\/div>\n<!-- POST SMALL TEXT ITEM END ========================= -->\n\t\t\t\t<\/div>\n\t\t\t\t\t\t\t\t<div class=\"qt-postlist-item\">\n\t\t\t\t\t<!-- POST SMALL TEXT ITEM ========================= -->\n<div class=\"qt-part-archive-item qt-part-archive-item-post-list\">\n\t<div class=\"row\">\n\t\t<div class=\"col s3 m3 l3\">\n\t\t\t\t\t\t<a href=\"https:\/\/mediatica.fm\/index.php\/2023\/12\/05\/tom-petty-en-el-trailer-del-videojuego-gta-vi\/\" class=\"qt-part-archive-item__thumb-squared\">\n\t\t\t<img loading=\"lazy\" decoding=\"async\" width=\"150\" height=\"150\" src=\"https:\/\/mediatica.fm\/wp-content\/uploads\/2023\/12\/vice-gta6-150x150.jpg\" class=\"attachment-thumbnail size-thumbnail wp-post-image\" alt=\"\" srcset=\"https:\/\/mediatica.fm\/wp-content\/uploads\/2023\/12\/vice-gta6-150x150.jpg 150w, https:\/\/mediatica.fm\/wp-content\/uploads\/2023\/12\/vice-gta6-170x170.jpg 170w\" sizes=\"(max-width: 150px) 100vw, 150px\" \/>\t\t\t<\/a>\n\t\t\t\n\t\t<\/div>\n\t\t<div class=\"col s9 m9 l9 \">\n\t\t\t\n\t\t\t<div class=\"qt-feedback\">\n\t\t\t1<i class=\"dripicons-heart\"><\/i>    \t\t<\/div>\n\t\t\t<h4 class=\"qt-title\">\n\t\t\t\t<a href=\"https:\/\/mediatica.fm\/index.php\/2023\/12\/05\/tom-petty-en-el-trailer-del-videojuego-gta-vi\/\" class=\"qt-ellipsis-2 qt-t\">\n\t\t\t\t\tTom Petty en el trailer del videojuego GTA VI\t\t\t\t<\/a>\n\t\t\t<\/h4>\n\n\t\t\t\n\t\t<\/div>\n\t<\/div>\n<\/div>\n<!-- POST SMALL TEXT ITEM END ========================= -->\n\t\t\t\t<\/div>\n\t\t\t\t\t\t\t\t<div class=\"qt-postlist-item\">\n\t\t\t\t\t<!-- POST SMALL TEXT ITEM ========================= -->\n<div class=\"qt-part-archive-item qt-part-archive-item-post-list\">\n\t<div class=\"row\">\n\t\t<div class=\"col s3 m3 l3\">\n\t\t\t\t\t\t<a href=\"https:\/\/mediatica.fm\/index.php\/2023\/11\/30\/kiko-loureiro-abandona-megadeth\/\" class=\"qt-part-archive-item__thumb-squared\">\n\t\t\t<img loading=\"lazy\" decoding=\"async\" width=\"150\" height=\"150\" src=\"https:\/\/mediatica.fm\/wp-content\/uploads\/2023\/11\/kiko-loureiro-2b-150x150.jpg\" class=\"attachment-thumbnail size-thumbnail wp-post-image\" alt=\"\" srcset=\"https:\/\/mediatica.fm\/wp-content\/uploads\/2023\/11\/kiko-loureiro-2b-150x150.jpg 150w, https:\/\/mediatica.fm\/wp-content\/uploads\/2023\/11\/kiko-loureiro-2b-170x170.jpg 170w\" sizes=\"(max-width: 150px) 100vw, 150px\" \/>\t\t\t<\/a>\n\t\t\t\n\t\t<\/div>\n\t\t<div class=\"col s9 m9 l9 \">\n\t\t\t\n\t\t\t<div class=\"qt-feedback\">\n\t\t\t0<i class=\"dripicons-heart\"><\/i>    \t\t<\/div>\n\t\t\t<h4 class=\"qt-title\">\n\t\t\t\t<a href=\"https:\/\/mediatica.fm\/index.php\/2023\/11\/30\/kiko-loureiro-abandona-megadeth\/\" class=\"qt-ellipsis-2 qt-t\">\n\t\t\t\t\tKiko Loureiro abandona Megadeth\t\t\t\t<\/a>\n\t\t\t<\/h4>\n\n\t\t\t\n\t\t<\/div>\n\t<\/div>\n<\/div>\n<!-- POST SMALL TEXT ITEM END ========================= -->\n\t\t\t\t<\/div>\n\t\t\t\t\t\t<\/div>\n\t\t\t\t\t\t<\/div>\n\t\t\t\t<\/div>\n\t\t\t\t\t<\/div>\n\t\t\t\t<\/div>\n\t\t<div class=\"elementor-element elementor-element-d8cb04f e-flex e-con-boxed e-con e-parent\" data-id=\"d8cb04f\" data-element_type=\"container\" data-e-type=\"container\">\n\t\t\t\t\t<div class=\"e-con-inner\">\n\t\t\t\t<div class=\"elementor-element elementor-element-6d2b3b5 elementor-widget elementor-widget-onair-elementor-qt-caption\" data-id=\"6d2b3b5\" data-element_type=\"widget\" data-e-type=\"widget\" data-widget_type=\"onair-elementor-qt-caption.default\">\n\t\t\t\t<div class=\"elementor-widget-container\">\n\t\t\t\t\t\t\t\t<h3 class=\"onair-caption qt-caption-med qt-capfont \"><span>PROGRAMAS Y PODCASTS<\/span><\/h3>\n\t\t\t\t\t\t\t<\/div>\n\t\t\t\t<\/div>\n\t\t\t\t\t<\/div>\n\t\t\t\t<\/div>\n\t\t<div class=\"elementor-element elementor-element-e11609b e-flex e-con-boxed e-con e-parent\" data-id=\"e11609b\" data-element_type=\"container\" data-e-type=\"container\">\n\t\t\t\t\t<div class=\"e-con-inner\">\n\t\t\t\t<div class=\"elementor-element elementor-element-8c3e04d elementor-widget elementor-widget-onair-elementor-post-slider\" data-id=\"8c3e04d\" data-element_type=\"widget\" data-e-type=\"widget\" data-widget_type=\"onair-elementor-post-slider.default\">\n\t\t\t\t<div class=\"elementor-widget-container\">\n\t\t\t\t\t\t\t\n\t\t<div class=\"qt-slickslider-container\">\n\t\t\t<div class=\"qt-slickslider qt-invisible qt-animated qt-slickslider-single qt-black-bg\" data-variablewidth=\"true\" data-arrows=\"true\" data-dots=\"true\" data-infinite=\"true\" data-centermode=\"true\" data-pauseonhover=\"true\" data-autoplay=\"true\" data-arrowsmobile=\"false\" data-centermodemobile=\"true\" data-dotsmobile=\"true\" data-variablewidthmobile=\"true\">\n\t\t\t\t\t\t\t\t\t<div class=\"qt-slick-opacity-fx qt-item\">\n\t\t\t\t\t\t<!-- POST HERO ITEM ========================= -->\n<div class=\"qt-part-archive-item qt-part-item-post-hero\">\n\t<div class=\"qt-item-header\">\n\t\t<div class=\"qt-header-top\">\n\t\t\t<div class=\"qt-feedback\">\n\t    \t\t1<i class=\"dripicons-heart\"><\/i>\t    \t<\/div>\n\t    <\/div>\n\t\t<div class=\"qt-header-mid qt-vc\">\n\t\t\t<div class=\"qt-vi\">\n\t\t\t\t<ul class=\"qt-tags\">\n\t\t\t\t\t<li>\n\t\t\t\t\t\t<a href=\"https:\/\/mediatica.fm\/index.php\/category\/articles\/\" rel=\"category tag\">Art\u00edculos<\/a><\/li><li><a href=\"https:\/\/mediatica.fm\/index.php\/category\/paradigmas_mediaticos\/\" rel=\"category tag\">Paradigmas Medi\u00e1ticos<\/a>\t\t\t\t\t<\/li>\n\t\t\t\t<\/ul>\n\t\t  \t\t<h2 class=\"qt-title\">\n\t\t\t\t\t<a href=\"https:\/\/mediatica.fm\/index.php\/2024\/12\/26\/589\/\" class=\"qt-text-shadow qt-ellipsis-2 qt-t\">\n\t\t\t\t\t\tLos mejores cortometrajes navide\u00f1os que no sab\u00edas que exist\u00edan\t\t\t\t\t<\/a>\n\t\t\t\t<\/h2>\n\t\t\t\t<div class=\"qt-the-content qt-spacer-s small hide-on-med-and-down \">\n\t\t\t\t\t<p class=\"qt-spacer-s qt-text-shadow small qt-ellipsis-2\">\n\t\t\t\t\tCuando pensamos en Navidad, lo primero que viene a la mente son luces, regalos, villancicos y, claro, las cl\u00e1sicas pel\u00edculas navide\u00f1as que inundan las plataformas de streaming. Pero, \u00bfy si en lugar de conformarte con las mismas historias repetitivas te aventuraras a descubrir cortometrajes que no sab\u00edas que exist\u00edan? En el \u00faltimo episodio de PARADIGMAS [&hellip;]\t\t\t\t\t<\/p>\n\t\t\t\t\t<p><a href=\"https:\/\/mediatica.fm\/index.php\/2024\/12\/26\/589\/\" class=\"qt-btn qt-btn-l qt-btn-primary \"><i class=\"dripicons-align-justify\"><\/i><\/a><\/p>\n\t\t\t\t<\/div>\n\t\t\t<\/div>\n\t\t<\/div>\n\t\t\t        <div class=\"qt-header-bg\" data-bgimage=\"https:\/\/mediatica.fm\/wp-content\/uploads\/2024\/12\/santa-entrevista.png\">\n\t            <img loading=\"lazy\" decoding=\"async\" width=\"896\" height=\"512\" src=\"https:\/\/mediatica.fm\/wp-content\/uploads\/2024\/12\/santa-entrevista.png\" class=\"img-responsive activator wp-post-image\" alt=\"\" srcset=\"https:\/\/mediatica.fm\/wp-content\/uploads\/2024\/12\/santa-entrevista.png 896w, https:\/\/mediatica.fm\/wp-content\/uploads\/2024\/12\/santa-entrevista-300x171.png 300w, https:\/\/mediatica.fm\/wp-content\/uploads\/2024\/12\/santa-entrevista-768x439.png 768w\" sizes=\"(max-width: 896px) 100vw, 896px\" \/>\t        <\/div>\n     \t\t<\/div>\n<\/div>\n<!-- POST HERO ITEM END ========================= -->\n\t\t\t\t\t<\/div>\n\t\t\t\t\t\t\t\t\t\t<div class=\"qt-slick-opacity-fx qt-item\">\n\t\t\t\t\t\t<!-- POST HERO ITEM ========================= -->\n<div class=\"qt-part-archive-item qt-part-item-post-hero\">\n\t<div class=\"qt-item-header\">\n\t\t<div class=\"qt-header-top\">\n\t\t\t<div class=\"qt-feedback\">\n\t    \t\t0<i class=\"dripicons-heart\"><\/i>\t    \t<\/div>\n\t    <\/div>\n\t\t<div class=\"qt-header-mid qt-vc\">\n\t\t\t<div class=\"qt-vi\">\n\t\t\t\t<ul class=\"qt-tags\">\n\t\t\t\t\t<li>\n\t\t\t\t\t\t<a href=\"https:\/\/mediatica.fm\/index.php\/category\/articles\/\" rel=\"category tag\">Art\u00edculos<\/a><\/li><li><a href=\"https:\/\/mediatica.fm\/index.php\/category\/paradigmas_mediaticos\/\" rel=\"category tag\">Paradigmas Medi\u00e1ticos<\/a>\t\t\t\t\t<\/li>\n\t\t\t\t<\/ul>\n\t\t  \t\t<h2 class=\"qt-title\">\n\t\t\t\t\t<a href=\"https:\/\/mediatica.fm\/index.php\/2024\/12\/07\/casos-mediaticos-de-estafadores\/\" class=\"qt-text-shadow qt-ellipsis-2 qt-t\">\n\t\t\t\t\t\tDe Marilyn Cote a Anna Sorokin: Casos Medi\u00e1ticos de Estafadores que No Creer\u00e1s que son Reales\t\t\t\t\t<\/a>\n\t\t\t\t<\/h2>\n\t\t\t\t<div class=\"qt-the-content qt-spacer-s small hide-on-med-and-down \">\n\t\t\t\t\t<p class=\"qt-spacer-s qt-text-shadow small qt-ellipsis-2\">\n\t\t\t\t\t\u00bfHasta d\u00f3nde pueden llegar las mentiras? En un mundo inundado de historias casos medi\u00e1ticos de estafadores, estas historias nos muestran c\u00f3mo las trampas pueden destruir vidas, generar controversia y, a veces, incluso inspirar programas de televisi\u00f3n y pel\u00edculas. Estos casos no s\u00f3lo llaman la atenci\u00f3n del p\u00fablico, sino que tambi\u00e9n nos hacen pensar en los [&hellip;]\t\t\t\t\t<\/p>\n\t\t\t\t\t<p><a href=\"https:\/\/mediatica.fm\/index.php\/2024\/12\/07\/casos-mediaticos-de-estafadores\/\" class=\"qt-btn qt-btn-l qt-btn-primary \"><i class=\"dripicons-align-justify\"><\/i><\/a><\/p>\n\t\t\t\t<\/div>\n\t\t\t<\/div>\n\t\t<\/div>\n\t\t\t        <div class=\"qt-header-bg\" data-bgimage=\"https:\/\/mediatica.fm\/wp-content\/uploads\/2024\/12\/estafador01-transformed-1024x796.png\">\n\t            <img loading=\"lazy\" decoding=\"async\" width=\"1024\" height=\"796\" src=\"https:\/\/mediatica.fm\/wp-content\/uploads\/2024\/12\/estafador01-transformed-1024x796.png\" class=\"img-responsive activator wp-post-image\" alt=\"\" srcset=\"https:\/\/mediatica.fm\/wp-content\/uploads\/2024\/12\/estafador01-transformed-1024x796.png 1024w, https:\/\/mediatica.fm\/wp-content\/uploads\/2024\/12\/estafador01-transformed-300x233.png 300w, https:\/\/mediatica.fm\/wp-content\/uploads\/2024\/12\/estafador01-transformed-768x597.png 768w, https:\/\/mediatica.fm\/wp-content\/uploads\/2024\/12\/estafador01-transformed.png 1152w\" sizes=\"(max-width: 1024px) 100vw, 1024px\" \/>\t        <\/div>\n     \t\t<\/div>\n<\/div>\n<!-- POST HERO ITEM END ========================= -->\n\t\t\t\t\t<\/div>\n\t\t\t\t\t\t\t\t\t\t<div class=\"qt-slick-opacity-fx qt-item\">\n\t\t\t\t\t\t<!-- POST HERO ITEM ========================= -->\n<div class=\"qt-part-archive-item qt-part-item-post-hero\">\n\t<div class=\"qt-item-header\">\n\t\t<div class=\"qt-header-top\">\n\t\t\t<div class=\"qt-feedback\">\n\t    \t\t0<i class=\"dripicons-heart\"><\/i>\t    \t<\/div>\n\t    <\/div>\n\t\t<div class=\"qt-header-mid qt-vc\">\n\t\t\t<div class=\"qt-vi\">\n\t\t\t\t<ul class=\"qt-tags\">\n\t\t\t\t\t<li>\n\t\t\t\t\t\t<a href=\"https:\/\/mediatica.fm\/index.php\/category\/articles\/\" rel=\"category tag\">Art\u00edculos<\/a><\/li><li><a href=\"https:\/\/mediatica.fm\/index.php\/category\/paradigmas_mediaticos\/\" rel=\"category tag\">Paradigmas Medi\u00e1ticos<\/a>\t\t\t\t\t<\/li>\n\t\t\t\t<\/ul>\n\t\t  \t\t<h2 class=\"qt-title\">\n\t\t\t\t\t<a href=\"https:\/\/mediatica.fm\/index.php\/2024\/11\/28\/abuso_de_sustancias\/\" class=\"qt-text-shadow qt-ellipsis-2 qt-t\">\n\t\t\t\t\t\tEl Abuso de Sustancias en Series y Pel\u00edculas: M\u00e1s All\u00e1 del Entretenimiento\t\t\t\t\t<\/a>\n\t\t\t\t<\/h2>\n\t\t\t\t<div class=\"qt-the-content qt-spacer-s small hide-on-med-and-down \">\n\t\t\t\t\t<p class=\"qt-spacer-s qt-text-shadow small qt-ellipsis-2\">\n\t\t\t\t\t\u00bfSab\u00edas que algunas de tus series y pel\u00edculas favoritas esconden profundas reflexiones sobre las adicciones? M\u00e1s que simple entretenimiento, estas producciones nos confrontan con realidades duras sobre el abuso de sustancias, explorando c\u00f3mo el consumo excesivo de drogas, alcohol y tabaco puede afectar la vida de las personas y su entorno. Desde la elegancia t\u00f3xica [&hellip;]\t\t\t\t\t<\/p>\n\t\t\t\t\t<p><a href=\"https:\/\/mediatica.fm\/index.php\/2024\/11\/28\/abuso_de_sustancias\/\" class=\"qt-btn qt-btn-l qt-btn-primary \"><i class=\"dripicons-align-justify\"><\/i><\/a><\/p>\n\t\t\t\t<\/div>\n\t\t\t<\/div>\n\t\t<\/div>\n\t\t\t        <div class=\"qt-header-bg\" data-bgimage=\"https:\/\/mediatica.fm\/wp-content\/uploads\/2024\/11\/sustancias_2-1024x585.webp\">\n\t            <img loading=\"lazy\" decoding=\"async\" width=\"1024\" height=\"585\" src=\"https:\/\/mediatica.fm\/wp-content\/uploads\/2024\/11\/sustancias_2-1024x585.webp\" class=\"img-responsive activator wp-post-image\" alt=\"\" srcset=\"https:\/\/mediatica.fm\/wp-content\/uploads\/2024\/11\/sustancias_2-1024x585.webp 1024w, https:\/\/mediatica.fm\/wp-content\/uploads\/2024\/11\/sustancias_2-300x171.webp 300w, https:\/\/mediatica.fm\/wp-content\/uploads\/2024\/11\/sustancias_2-768x439.webp 768w, https:\/\/mediatica.fm\/wp-content\/uploads\/2024\/11\/sustancias_2-1536x878.webp 1536w, https:\/\/mediatica.fm\/wp-content\/uploads\/2024\/11\/sustancias_2.webp 1792w\" sizes=\"(max-width: 1024px) 100vw, 1024px\" \/>\t        <\/div>\n     \t\t<\/div>\n<\/div>\n<!-- POST HERO ITEM END ========================= -->\n\t\t\t\t\t<\/div>\n\t\t\t\t\t\t\t\t\t\t<div class=\"qt-slick-opacity-fx qt-item\">\n\t\t\t\t\t\t<!-- POST HERO ITEM ========================= -->\n<div class=\"qt-part-archive-item qt-part-item-post-hero\">\n\t<div class=\"qt-item-header\">\n\t\t<div class=\"qt-header-top\">\n\t\t\t<div class=\"qt-feedback\">\n\t    \t\t0<i class=\"dripicons-heart\"><\/i>\t    \t<\/div>\n\t    <\/div>\n\t\t<div class=\"qt-header-mid qt-vc\">\n\t\t\t<div class=\"qt-vi\">\n\t\t\t\t<ul class=\"qt-tags\">\n\t\t\t\t\t<li>\n\t\t\t\t\t\t<a href=\"https:\/\/mediatica.fm\/index.php\/category\/articles\/\" rel=\"category tag\">Art\u00edculos<\/a><\/li><li><a href=\"https:\/\/mediatica.fm\/index.php\/category\/paradigmas_mediaticos\/\" rel=\"category tag\">Paradigmas Medi\u00e1ticos<\/a>\t\t\t\t\t<\/li>\n\t\t\t\t<\/ul>\n\t\t  \t\t<h2 class=\"qt-title\">\n\t\t\t\t\t<a href=\"https:\/\/mediatica.fm\/index.php\/2024\/11\/15\/la-inteligencia-artificial-que-te-hara-cuestionar-el-futuro\/\" class=\"qt-text-shadow qt-ellipsis-2 qt-t\">\n\t\t\t\t\t\tLa Inteligencia Artificial que te har\u00e1 Cuestionar el Futuro\t\t\t\t\t<\/a>\n\t\t\t\t<\/h2>\n\t\t\t\t<div class=\"qt-the-content qt-spacer-s small hide-on-med-and-down \">\n\t\t\t\t\t<p class=\"qt-spacer-s qt-text-shadow small qt-ellipsis-2\">\n\t\t\t\t\tLa inteligencia artificial (IA), es uno de los temas m\u00e1s fascinantes y desafiantes de nuestra era. Su avance constante nos ha llevado a imaginar escenarios donde las m\u00e1quinas adquieren conciencia, replanteando las reglas de la humanidad y el control. El cine, con su capacidad para explorar lo desconocido, se ha convertido en un medio perfecto [&hellip;]\t\t\t\t\t<\/p>\n\t\t\t\t\t<p><a href=\"https:\/\/mediatica.fm\/index.php\/2024\/11\/15\/la-inteligencia-artificial-que-te-hara-cuestionar-el-futuro\/\" class=\"qt-btn qt-btn-l qt-btn-primary \"><i class=\"dripicons-align-justify\"><\/i><\/a><\/p>\n\t\t\t\t<\/div>\n\t\t\t<\/div>\n\t\t<\/div>\n\t\t\t        <div class=\"qt-header-bg\" data-bgimage=\"https:\/\/mediatica.fm\/wp-content\/uploads\/2024\/11\/ia-cabeza.jpg\">\n\t            <img loading=\"lazy\" decoding=\"async\" width=\"1024\" height=\"1024\" src=\"https:\/\/mediatica.fm\/wp-content\/uploads\/2024\/11\/ia-cabeza.jpg\" class=\"img-responsive activator wp-post-image\" alt=\"\" srcset=\"https:\/\/mediatica.fm\/wp-content\/uploads\/2024\/11\/ia-cabeza.jpg 1024w, https:\/\/mediatica.fm\/wp-content\/uploads\/2024\/11\/ia-cabeza-300x300.jpg 300w, https:\/\/mediatica.fm\/wp-content\/uploads\/2024\/11\/ia-cabeza-150x150.jpg 150w, https:\/\/mediatica.fm\/wp-content\/uploads\/2024\/11\/ia-cabeza-768x768.jpg 768w, https:\/\/mediatica.fm\/wp-content\/uploads\/2024\/11\/ia-cabeza-144x144.jpg 144w, https:\/\/mediatica.fm\/wp-content\/uploads\/2024\/11\/ia-cabeza-690x690.jpg 690w, https:\/\/mediatica.fm\/wp-content\/uploads\/2024\/11\/ia-cabeza-170x170.jpg 170w\" sizes=\"(max-width: 1024px) 100vw, 1024px\" \/>\t        <\/div>\n     \t\t<\/div>\n<\/div>\n<!-- POST HERO ITEM END ========================= -->\n\t\t\t\t\t<\/div>\n\t\t\t\t\t\t\t\t\t\t<div class=\"qt-slick-opacity-fx qt-item\">\n\t\t\t\t\t\t<!-- POST HERO ITEM ========================= -->\n<div class=\"qt-part-archive-item qt-part-item-post-hero\">\n\t<div class=\"qt-item-header\">\n\t\t<div class=\"qt-header-top\">\n\t\t\t<div class=\"qt-feedback\">\n\t    \t\t0<i class=\"dripicons-heart\"><\/i>\t    \t<\/div>\n\t    <\/div>\n\t\t<div class=\"qt-header-mid qt-vc\">\n\t\t\t<div class=\"qt-vi\">\n\t\t\t\t<ul class=\"qt-tags\">\n\t\t\t\t\t<li>\n\t\t\t\t\t\t<a href=\"https:\/\/mediatica.fm\/index.php\/category\/articles\/\" rel=\"category tag\">Art\u00edculos<\/a><\/li><li><a href=\"https:\/\/mediatica.fm\/index.php\/category\/paradigmas_mediaticos\/\" rel=\"category tag\">Paradigmas Medi\u00e1ticos<\/a>\t\t\t\t\t<\/li>\n\t\t\t\t<\/ul>\n\t\t  \t\t<h2 class=\"qt-title\">\n\t\t\t\t\t<a href=\"https:\/\/mediatica.fm\/index.php\/2024\/11\/08\/explora-la-fluidez-de-genero\/\" class=\"qt-text-shadow qt-ellipsis-2 qt-t\">\n\t\t\t\t\t\tExplora la Fluidez de G\u00e9nero\t\t\t\t\t<\/a>\n\t\t\t\t<\/h2>\n\t\t\t\t<div class=\"qt-the-content qt-spacer-s small hide-on-med-and-down \">\n\t\t\t\t\t<p class=\"qt-spacer-s qt-text-shadow small qt-ellipsis-2\">\n\t\t\t\t\tEn la b\u00fasqueda de una sociedad m\u00e1s justa e inclusiva, es fundamental abrir nuestras mentes y corazones para comprender la diversidad de identidades y experiencias de vida. Este episodio de Paradigmas Medi\u00e1ticos te invita a desafiar los prejuicios y a profundizar en el tema de la fluidez de g\u00e9nero. A trav\u00e9s de una selecci\u00f3n de [&hellip;]\t\t\t\t\t<\/p>\n\t\t\t\t\t<p><a href=\"https:\/\/mediatica.fm\/index.php\/2024\/11\/08\/explora-la-fluidez-de-genero\/\" class=\"qt-btn qt-btn-l qt-btn-primary \"><i class=\"dripicons-align-justify\"><\/i><\/a><\/p>\n\t\t\t\t<\/div>\n\t\t\t<\/div>\n\t\t<\/div>\n\t\t\t        <div class=\"qt-header-bg\" data-bgimage=\"https:\/\/mediatica.fm\/wp-content\/uploads\/2024\/11\/flgtbq_ok2.jpg\">\n\t            <img loading=\"lazy\" decoding=\"async\" width=\"1003\" height=\"729\" src=\"https:\/\/mediatica.fm\/wp-content\/uploads\/2024\/11\/flgtbq_ok2.jpg\" class=\"img-responsive activator wp-post-image\" alt=\"\" srcset=\"https:\/\/mediatica.fm\/wp-content\/uploads\/2024\/11\/flgtbq_ok2.jpg 1003w, https:\/\/mediatica.fm\/wp-content\/uploads\/2024\/11\/flgtbq_ok2-300x218.jpg 300w, https:\/\/mediatica.fm\/wp-content\/uploads\/2024\/11\/flgtbq_ok2-768x558.jpg 768w\" sizes=\"(max-width: 1003px) 100vw, 1003px\" \/>\t        <\/div>\n     \t\t<\/div>\n<\/div>\n<!-- POST HERO ITEM END ========================= -->\n\t\t\t\t\t<\/div>\n\t\t\t\t\t\t\t\t<\/div>\n\t\t<\/div>\n\t\t\t\t\t\t<\/div>\n\t\t\t\t<\/div>\n\t\t\t\t\t<\/div>\n\t\t\t\t<\/div>\n\t\t<div class=\"elementor-element elementor-element-2e3c436 e-flex e-con-boxed e-con e-parent\" data-id=\"2e3c436\" data-element_type=\"container\" data-e-type=\"container\">\n\t\t\t\t\t<div class=\"e-con-inner\">\n\t\t\t\t\t<\/div>\n\t\t\t\t<\/div>\n\t\t\t\t<\/div>\n\t\t","protected":false},"excerpt":{"rendered":"<p>NOW PLAYING Loading title Loading artist ART\u00cdCULOS NOTICIAS 1 Los mejores cortometrajes navide\u00f1os que no sab\u00edas que exist\u00edan 0 De Marilyn Cote a Anna Sorokin: Casos Medi\u00e1ticos de Estafadores que No Creer\u00e1s que son Reales 0 El Abuso de Sustancias en Series y Pel\u00edculas: M\u00e1s All\u00e1 del Entretenimiento 0 La Inteligencia Artificial que te har\u00e1 [&hellip;]<\/p>\n","protected":false},"author":1,"featured_media":0,"parent":0,"menu_order":0,"comment_status":"closed","ping_status":"closed","template":"","meta":{"footnotes":""},"class_list":["post-33","page","type-page","status-publish","hentry"],"yoast_head":"<!-- This site is optimized with the Yoast SEO plugin v27.5 - https:\/\/yoast.com\/product\/yoast-seo-wordpress\/ -->\n<title>Medi\u00e1tica FM - Radio alternativa desde la Ciudad de M\u00e9xico - Medi\u00e1tica FM<\/title>\n<meta name=\"robots\" content=\"index, follow, max-snippet:-1, max-image-preview:large, max-video-preview:-1\" \/>\n<link rel=\"canonical\" href=\"https:\/\/mediatica.fm\/\" \/>\n<meta property=\"og:locale\" content=\"es_ES\" \/>\n<meta property=\"og:type\" content=\"article\" \/>\n<meta property=\"og:title\" content=\"Medi\u00e1tica FM - Radio alternativa desde la Ciudad de M\u00e9xico - Medi\u00e1tica FM\" \/>\n<meta property=\"og:description\" content=\"NOW PLAYING Loading title Loading artist ART\u00cdCULOS NOTICIAS 1 Los mejores cortometrajes navide\u00f1os que no sab\u00edas que exist\u00edan 0 De Marilyn Cote a Anna Sorokin: Casos Medi\u00e1ticos de Estafadores que No Creer\u00e1s que son Reales 0 El Abuso de Sustancias en Series y Pel\u00edculas: M\u00e1s All\u00e1 del Entretenimiento 0 La Inteligencia Artificial que te har\u00e1 [&hellip;]\" \/>\n<meta property=\"og:url\" content=\"https:\/\/mediatica.fm\/\" \/>\n<meta property=\"og:site_name\" content=\"Medi\u00e1tica FM\" \/>\n<meta property=\"article:publisher\" content=\"https:\/\/www.facebook.com\/Mediaticafm\" \/>\n<meta property=\"article:modified_time\" content=\"2026-03-24T03:36:56+00:00\" \/>\n<meta property=\"og:image\" content=\"https:\/\/mediatica.fm\/wp-content\/uploads\/2024\/12\/santa-entrevista-150x150.png\" \/>\n<meta name=\"twitter:card\" content=\"summary_large_image\" \/>\n<meta name=\"twitter:site\" content=\"@mediaticafm\" \/>\n<meta name=\"twitter:label1\" content=\"Tiempo de lectura\" \/>\n\t<meta name=\"twitter:data1\" content=\"10 minutos\" \/>\n<script type=\"application\/ld+json\" class=\"yoast-schema-graph\">{\"@context\":\"https:\\\/\\\/schema.org\",\"@graph\":[{\"@type\":\"WebPage\",\"@id\":\"https:\\\/\\\/mediatica.fm\\\/\",\"url\":\"https:\\\/\\\/mediatica.fm\\\/\",\"name\":\"Medi\u00e1tica FM - Radio alternativa desde la Ciudad de M\u00e9xico - Medi\u00e1tica FM\",\"isPartOf\":{\"@id\":\"https:\\\/\\\/mediatica.fm\\\/#website\"},\"primaryImageOfPage\":{\"@id\":\"https:\\\/\\\/mediatica.fm\\\/#primaryimage\"},\"image\":{\"@id\":\"https:\\\/\\\/mediatica.fm\\\/#primaryimage\"},\"thumbnailUrl\":\"https:\\\/\\\/mediatica.fm\\\/wp-content\\\/uploads\\\/2024\\\/12\\\/santa-entrevista-150x150.png\",\"datePublished\":\"2023-11-15T02:16:53+00:00\",\"dateModified\":\"2026-03-24T03:36:56+00:00\",\"breadcrumb\":{\"@id\":\"https:\\\/\\\/mediatica.fm\\\/#breadcrumb\"},\"inLanguage\":\"es\",\"potentialAction\":[{\"@type\":\"ReadAction\",\"target\":[\"https:\\\/\\\/mediatica.fm\\\/\"]}]},{\"@type\":\"ImageObject\",\"inLanguage\":\"es\",\"@id\":\"https:\\\/\\\/mediatica.fm\\\/#primaryimage\",\"url\":\"https:\\\/\\\/mediatica.fm\\\/wp-content\\\/uploads\\\/2024\\\/12\\\/santa-entrevista.png\",\"contentUrl\":\"https:\\\/\\\/mediatica.fm\\\/wp-content\\\/uploads\\\/2024\\\/12\\\/santa-entrevista.png\",\"width\":896,\"height\":512},{\"@type\":\"BreadcrumbList\",\"@id\":\"https:\\\/\\\/mediatica.fm\\\/#breadcrumb\",\"itemListElement\":[{\"@type\":\"ListItem\",\"position\":1,\"name\":\"Portada\",\"item\":\"https:\\\/\\\/mediatica.fm\\\/\"},{\"@type\":\"ListItem\",\"position\":2,\"name\":\"Medi\u00e1tica FM &#8211; Radio alternativa desde la Ciudad de M\u00e9xico\"}]},{\"@type\":\"WebSite\",\"@id\":\"https:\\\/\\\/mediatica.fm\\\/#website\",\"url\":\"https:\\\/\\\/mediatica.fm\\\/\",\"name\":\"Medi\u00e1tica FM\",\"description\":\"Radio alternativa, menos discurso, m\u00e1s acci\u00f3n\",\"publisher\":{\"@id\":\"https:\\\/\\\/mediatica.fm\\\/#organization\"},\"potentialAction\":[{\"@type\":\"SearchAction\",\"target\":{\"@type\":\"EntryPoint\",\"urlTemplate\":\"https:\\\/\\\/mediatica.fm\\\/?s={search_term_string}\"},\"query-input\":{\"@type\":\"PropertyValueSpecification\",\"valueRequired\":true,\"valueName\":\"search_term_string\"}}],\"inLanguage\":\"es\"},{\"@type\":\"Organization\",\"@id\":\"https:\\\/\\\/mediatica.fm\\\/#organization\",\"name\":\"Medi\u00e1tica FM\",\"url\":\"https:\\\/\\\/mediatica.fm\\\/\",\"logo\":{\"@type\":\"ImageObject\",\"inLanguage\":\"es\",\"@id\":\"https:\\\/\\\/mediatica.fm\\\/#\\\/schema\\\/logo\\\/image\\\/\",\"url\":\"https:\\\/\\\/mediatica.fm\\\/wp-content\\\/uploads\\\/2023\\\/11\\\/logo-solo-blanco.fw_.png\",\"contentUrl\":\"https:\\\/\\\/mediatica.fm\\\/wp-content\\\/uploads\\\/2023\\\/11\\\/logo-solo-blanco.fw_.png\",\"width\":928,\"height\":724,\"caption\":\"Medi\u00e1tica FM\"},\"image\":{\"@id\":\"https:\\\/\\\/mediatica.fm\\\/#\\\/schema\\\/logo\\\/image\\\/\"},\"sameAs\":[\"https:\\\/\\\/www.facebook.com\\\/Mediaticafm\",\"https:\\\/\\\/x.com\\\/mediaticafm\",\"https:\\\/\\\/www.instagram.com\\\/mediatica.fm\\\/\",\"https:\\\/\\\/www.youtube.com\\\/@MediaticaFm\",\"https:\\\/\\\/www.tiktok.com\\\/@mediaticafm\"]}]}<\/script>\n<!-- \/ Yoast SEO plugin. -->","yoast_head_json":{"title":"Medi\u00e1tica FM - Radio alternativa desde la Ciudad de M\u00e9xico - Medi\u00e1tica FM","robots":{"index":"index","follow":"follow","max-snippet":"max-snippet:-1","max-image-preview":"max-image-preview:large","max-video-preview":"max-video-preview:-1"},"canonical":"https:\/\/mediatica.fm\/","og_locale":"es_ES","og_type":"article","og_title":"Medi\u00e1tica FM - Radio alternativa desde la Ciudad de M\u00e9xico - Medi\u00e1tica FM","og_description":"NOW PLAYING Loading title Loading artist ART\u00cdCULOS NOTICIAS 1 Los mejores cortometrajes navide\u00f1os que no sab\u00edas que exist\u00edan 0 De Marilyn Cote a Anna Sorokin: Casos Medi\u00e1ticos de Estafadores que No Creer\u00e1s que son Reales 0 El Abuso de Sustancias en Series y Pel\u00edculas: M\u00e1s All\u00e1 del Entretenimiento 0 La Inteligencia Artificial que te har\u00e1 [&hellip;]","og_url":"https:\/\/mediatica.fm\/","og_site_name":"Medi\u00e1tica FM","article_publisher":"https:\/\/www.facebook.com\/Mediaticafm","article_modified_time":"2026-03-24T03:36:56+00:00","og_image":[{"url":"https:\/\/mediatica.fm\/wp-content\/uploads\/2024\/12\/santa-entrevista-150x150.png","type":"","width":"","height":""}],"twitter_card":"summary_large_image","twitter_site":"@mediaticafm","twitter_misc":{"Tiempo de lectura":"10 minutos"},"schema":{"@context":"https:\/\/schema.org","@graph":[{"@type":"WebPage","@id":"https:\/\/mediatica.fm\/","url":"https:\/\/mediatica.fm\/","name":"Medi\u00e1tica FM - Radio alternativa desde la Ciudad de M\u00e9xico - Medi\u00e1tica FM","isPartOf":{"@id":"https:\/\/mediatica.fm\/#website"},"primaryImageOfPage":{"@id":"https:\/\/mediatica.fm\/#primaryimage"},"image":{"@id":"https:\/\/mediatica.fm\/#primaryimage"},"thumbnailUrl":"https:\/\/mediatica.fm\/wp-content\/uploads\/2024\/12\/santa-entrevista-150x150.png","datePublished":"2023-11-15T02:16:53+00:00","dateModified":"2026-03-24T03:36:56+00:00","breadcrumb":{"@id":"https:\/\/mediatica.fm\/#breadcrumb"},"inLanguage":"es","potentialAction":[{"@type":"ReadAction","target":["https:\/\/mediatica.fm\/"]}]},{"@type":"ImageObject","inLanguage":"es","@id":"https:\/\/mediatica.fm\/#primaryimage","url":"https:\/\/mediatica.fm\/wp-content\/uploads\/2024\/12\/santa-entrevista.png","contentUrl":"https:\/\/mediatica.fm\/wp-content\/uploads\/2024\/12\/santa-entrevista.png","width":896,"height":512},{"@type":"BreadcrumbList","@id":"https:\/\/mediatica.fm\/#breadcrumb","itemListElement":[{"@type":"ListItem","position":1,"name":"Portada","item":"https:\/\/mediatica.fm\/"},{"@type":"ListItem","position":2,"name":"Medi\u00e1tica FM &#8211; Radio alternativa desde la Ciudad de M\u00e9xico"}]},{"@type":"WebSite","@id":"https:\/\/mediatica.fm\/#website","url":"https:\/\/mediatica.fm\/","name":"Medi\u00e1tica FM","description":"Radio alternativa, menos discurso, m\u00e1s acci\u00f3n","publisher":{"@id":"https:\/\/mediatica.fm\/#organization"},"potentialAction":[{"@type":"SearchAction","target":{"@type":"EntryPoint","urlTemplate":"https:\/\/mediatica.fm\/?s={search_term_string}"},"query-input":{"@type":"PropertyValueSpecification","valueRequired":true,"valueName":"search_term_string"}}],"inLanguage":"es"},{"@type":"Organization","@id":"https:\/\/mediatica.fm\/#organization","name":"Medi\u00e1tica FM","url":"https:\/\/mediatica.fm\/","logo":{"@type":"ImageObject","inLanguage":"es","@id":"https:\/\/mediatica.fm\/#\/schema\/logo\/image\/","url":"https:\/\/mediatica.fm\/wp-content\/uploads\/2023\/11\/logo-solo-blanco.fw_.png","contentUrl":"https:\/\/mediatica.fm\/wp-content\/uploads\/2023\/11\/logo-solo-blanco.fw_.png","width":928,"height":724,"caption":"Medi\u00e1tica FM"},"image":{"@id":"https:\/\/mediatica.fm\/#\/schema\/logo\/image\/"},"sameAs":["https:\/\/www.facebook.com\/Mediaticafm","https:\/\/x.com\/mediaticafm","https:\/\/www.instagram.com\/mediatica.fm\/","https:\/\/www.youtube.com\/@MediaticaFm","https:\/\/www.tiktok.com\/@mediaticafm"]}]}},"jetpack_sharing_enabled":true,"_links":{"self":[{"href":"https:\/\/mediatica.fm\/index.php\/wp-json\/wp\/v2\/pages\/33","targetHints":{"allow":["GET"]}}],"collection":[{"href":"https:\/\/mediatica.fm\/index.php\/wp-json\/wp\/v2\/pages"}],"about":[{"href":"https:\/\/mediatica.fm\/index.php\/wp-json\/wp\/v2\/types\/page"}],"author":[{"embeddable":true,"href":"https:\/\/mediatica.fm\/index.php\/wp-json\/wp\/v2\/users\/1"}],"replies":[{"embeddable":true,"href":"https:\/\/mediatica.fm\/index.php\/wp-json\/wp\/v2\/comments?post=33"}],"version-history":[{"count":212,"href":"https:\/\/mediatica.fm\/index.php\/wp-json\/wp\/v2\/pages\/33\/revisions"}],"predecessor-version":[{"id":633,"href":"https:\/\/mediatica.fm\/index.php\/wp-json\/wp\/v2\/pages\/33\/revisions\/633"}],"wp:attachment":[{"href":"https:\/\/mediatica.fm\/index.php\/wp-json\/wp\/v2\/media?parent=33"}],"curies":[{"name":"wp","href":"https:\/\/api.w.org\/{rel}","templated":true}]}}